{"id":183,"date":"2024-07-22T12:28:56","date_gmt":"2024-07-22T10:28:56","guid":{"rendered":"http:\/\/artencorps.fr\/?page_id=183"},"modified":"2024-10-21T10:55:11","modified_gmt":"2024-10-21T08:55:11","slug":"les-ateliers","status":"publish","type":"page","link":"https:\/\/artencorps.fr\/index.php\/les-ateliers\/","title":{"rendered":"Les ateliers"},"content":{"rendered":"\n<div style=\"height:19px\" aria-hidden=\"true\" class=\"wp-block-spacer\"><\/div>\n\n\n\n<p class=\"has-text-align-center\"><strong><mark style=\"background-color:rgba(0, 0, 0, 0);color:#e3d4d8\" class=\"has-inline-color\">Les ateliers de th\u00e9\u00e2tre <em>Art en corps<\/em><\/mark><\/strong><\/p>\n\n\n\n<div style=\"height:19px\" aria-hidden=\"true\" class=\"wp-block-spacer\"><\/div>\n\n\n\n<p>Le th\u00e9\u00e2tre est un espace de cr\u00e9ation formidable au sein duquel tout est possible : il permet la rencontre de grands auteurs et autrices, la rencontre de l\u2019autre et surtout la rencontre avec soi-m\u00eame. Le th\u00e9\u00e2tre offre une libert\u00e9 folle, un imaginaire inifini, une aventure passionnante, quand on s\u2019autorise \u00e0 oser et \u00e0 jouer ! Le th\u00e9\u00e2tre c\u2019est retrouver son \u00e2me d\u2019enfant : ressentir avec intensit\u00e9, \u00e9couter son instinct, dire avec spontan\u00e9it\u00e9, faire parler son corps sans embellissement. C\u2019est aussi s\u2019attacher \u00e0 une parole qui se pense v\u00e9rit\u00e9 et montrer qu\u2019on y croit.&nbsp;<\/p>\n\n\n\n<p>Les ateliers propos\u00e9s par l\u2019association <em>Art en corps<\/em> ont l\u2019ambition de faire d\u00e9couvrir cet univers riche et de partager cette belle exp\u00e9rience au sein d\u2019un collectif soud\u00e9 et bienveillant. Si vous \u00eates curieux et ouvert, que vous souhaitez d\u00e9couvrir la pratique th\u00e9\u00e2trale ou vous perfectionner, venez s\u00e9rieusement vous amuser et vous amuser s\u00e9rieusement ! <\/p>\n\n\n\n<p class=\"has-text-align-center\"><br><br><a href=\"https:\/\/artencorps.fr\/index.php\/ateliers-deveil\/\">Ateliers d&#8217;\u00e9veil : une ouverture sur le monde<\/a><br><em>Bient\u00f4t \u00e0 destination des enfants jusqu&#8217;\u00e0 10 ans<\/em><\/p>\n\n\n\n<div style=\"height:19px\" aria-hidden=\"true\" class=\"wp-block-spacer\"><\/div>\n\n\n\n<p class=\"has-text-align-center\"><a href=\"http:\/\/artencorps.fr\/index.php\/ateliers-dinitiation\/\" data-type=\"page\" data-id=\"43\">Ateliers d\u2019initiation : le th\u00e9\u00e2tre comme \u00e9cole de la vie<\/a><br>Actuellement \u00e0 destination des 11-14 ans<br><em><br><\/em><br><em> Ateliers de perfectionnement : \u00e0 venir<\/em><br><em> Training priv\u00e9 : \u00e0 venir<\/em><\/p>\n\n\n\n<p class=\"has-text-align-center\"><br>*<\/p>\n\n\n\n<p class=\"has-text-align-center\"><br>Les ateliers de th\u00e9\u00e2tre sont actuellement dirig\u00e9s par la directrice de l\u2019association <em>Art en corps : <\/em><a href=\"http:\/\/artencorps.fr\/index.php\/equipe\/\" data-type=\"page\" data-id=\"14\">Sol\u00e8ne Eberhardt<\/a>. <br>Pour plus de d\u00e9tails sur l\u2019organisation du travail et des ateliers, rendez-vous dans la rubrique <a href=\"http:\/\/artencorps.fr\/index.php\/pedagogie\/\" data-type=\"page\" data-id=\"40\">P\u00e9dagogie<\/a>.<\/p>\n\n\n\n<div style=\"height:9px\" aria-hidden=\"true\" class=\"wp-block-spacer\"><\/div>\n\n\n\n<p class=\"has-text-align-center\">Pour les inscriptions, n&#8217;h\u00e9sitez pas \u00e0 parcourir la rubrique d\u00e9di\u00e9e : <a href=\"http:\/\/artencorps.fr\/index.php\/inscriptions\/\" data-type=\"page\" data-id=\"17\">Inscription<\/a> &gt; <a href=\"http:\/\/artencorps.fr\/index.php\/ateliers\/\" data-type=\"page\" data-id=\"185\">Ateliers<\/a>.<\/p>\n\n\n\n<p><\/p>\n","protected":false},"excerpt":{"rendered":"<p>Les ateliers de th\u00e9\u00e2tre Art en corps Le th\u00e9\u00e2tre est un espace de cr\u00e9ation formidable au sein duquel tout est possible : il permet la rencontre de grands auteurs et autrices, la rencontre de l\u2019autre et surtout la rencontre avec soi-m\u00eame. Le th\u00e9\u00e2tre offre une libert\u00e9 folle, un imaginaire inifini, une aventure passionnante, quand on s\u2019autorise \u00e0 oser et \u00e0 jouer ! Le th\u00e9\u00e2tre c\u2019est retrouver son \u00e2me d\u2019enfant : ressentir avec intensit\u00e9, \u00e9couter son instinct, dire avec spontan\u00e9it\u00e9, faire parler son corps sans embellissement. C\u2019est aussi s\u2019attacher \u00e0 une parole qui se pense v\u00e9rit\u00e9 et montrer qu\u2019on y croit.&nbsp; Les ateliers propos\u00e9s par l\u2019association Art en corps ont l\u2019ambition de faire d\u00e9couvrir cet univers riche et de partager cette belle exp\u00e9rience au sein d\u2019un collectif soud\u00e9 et bienveillant. Si vous \u00eates curieux et ouvert, que vous souhaitez d\u00e9couvrir la pratique th\u00e9\u00e2trale ou vous perfectionner, venez s\u00e9rieusement vous amuser et vous amuser s\u00e9rieusement ! Ateliers d&#8217;\u00e9veil : une ouverture sur le mondeBient\u00f4t \u00e0 destination des enfants jusqu&#8217;\u00e0 10 ans Ateliers d\u2019initiation : le th\u00e9\u00e2tre comme \u00e9cole de la vieActuellement \u00e0 destination des 11-14 ans Ateliers de perfectionnement : \u00e0 venir Training priv\u00e9 : \u00e0 venir * Les ateliers de th\u00e9\u00e2tre sont actuellement dirig\u00e9s par la directrice de l\u2019association Art en corps : Sol\u00e8ne Eberhardt. Pour plus de d\u00e9tails sur l\u2019organisation du travail et des ateliers, rendez-vous dans la rubrique P\u00e9dagogie. Pour les inscriptions, n&#8217;h\u00e9sitez pas \u00e0 parcourir la rubrique d\u00e9di\u00e9e : Inscription &gt; Ateliers.<\/p>\n","protected":false},"author":2,"featured_media":0,"parent":0,"menu_order":0,"comment_status":"closed","ping_status":"closed","template":"","meta":{"footnotes":""},"class_list":["post-183","page","type-page","status-publish","hentry"],"_links":{"self":[{"href":"https:\/\/artencorps.fr\/index.php\/wp-json\/wp\/v2\/pages\/183","targetHints":{"allow":["GET"]}}],"collection":[{"href":"https:\/\/artencorps.fr\/index.php\/wp-json\/wp\/v2\/pages"}],"about":[{"href":"https:\/\/artencorps.fr\/index.php\/wp-json\/wp\/v2\/types\/page"}],"author":[{"embeddable":true,"href":"https:\/\/artencorps.fr\/index.php\/wp-json\/wp\/v2\/users\/2"}],"replies":[{"embeddable":true,"href":"https:\/\/artencorps.fr\/index.php\/wp-json\/wp\/v2\/comments?post=183"}],"version-history":[{"count":7,"href":"https:\/\/artencorps.fr\/index.php\/wp-json\/wp\/v2\/pages\/183\/revisions"}],"predecessor-version":[{"id":480,"href":"https:\/\/artencorps.fr\/index.php\/wp-json\/wp\/v2\/pages\/183\/revisions\/480"}],"wp:attachment":[{"href":"https:\/\/artencorps.fr\/index.php\/wp-json\/wp\/v2\/media?parent=183"}],"curies":[{"name":"wp","href":"https:\/\/api.w.org\/{rel}","templated":true}]}}